{"id":2,"date":"2020-07-22T18:05:00","date_gmt":"2020-07-22T18:05:00","guid":{"rendered":"https:\/\/colegiosdelespiritusanto.org\/?page_id=2"},"modified":"2021-09-14T15:24:56","modified_gmt":"2021-09-14T15:24:56","slug":"pagina-ejemplo","status":"publish","type":"page","link":"https:\/\/colegiosdelespiritusanto.org\/","title":{"rendered":"P\u00e1gina de ejemplo"},"content":{"rendered":"<p>[et_pb_section fb_built=\u00bb1&#8243; fullwidth=\u00bbon\u00bb _builder_version=\u00bb4.4.8&#8243;][et_pb_fullwidth_image src=\u00bbhttps:\/\/colegiosdelespiritusanto.org\/wp-content\/uploads\/2020\/07\/Banner1.jpg\u00bb title_text=\u00bbBanner1&#8243; _builder_version=\u00bb4.4.8&#8243;][\/et_pb_fullwidth_image][\/et_pb_section][et_pb_section fb_built=\u00bb1&#8243; admin_label=\u00bbnosotros\u00bb module_id=\u00bbnosotros\u00bb _builder_version=\u00bb4.4.8&#8243; background_color=\u00bb#05397f\u00bb][et_pb_row _builder_version=\u00bb4.4.8&#8243; max_width=\u00bb1920px\u00bb][et_pb_column type=\u00bb4_4&#8243; _builder_version=\u00bb4.4.8&#8243;][et_pb_blurb title=\u00bbNOSOTROS\u00bb content_max_width=\u00bb1100px\u00bb content_max_width_last_edited=\u00bboff|phone\u00bb _builder_version=\u00bb4.4.8&#8243; header_font=\u00bbAntonioBold||||||||\u00bb header_text_align=\u00bbcenter\u00bb header_font_size=\u00bb50px\u00bb body_font=\u00bbDIN||||||||\u00bb body_font_size=\u00bb15px\u00bb background_layout=\u00bbdark\u00bb header_font_size_last_edited=\u00bboff|phone\u00bb]<\/p>\n<p style=\"text-align: justify;\">Somos una comunidad educativa cat\u00f3lica, integrada por religiosas, profesores, personal y padres de familia, quienes trabajamos juntos en la misi\u00f3n de educar integralmente a los alumnos, en un ambiente de disciplina con respeto. Despertamos en ellos el sentido por la vida, llev\u00e1ndolos a realizar su vocaci\u00f3n espec\u00edfica, en el compromiso por una sociedad m\u00e1s justa, fraterna y solidaria.<\/p>\n<p style=\"text-align: justify;\">Educamos para la vida, creemos y confiamos en el alumno, promovemos el sentido integral de la vida, formamos alumnos cr\u00edticos, creativos y con capacidad de discernimiento, que sean agentes de cambio, modelamos y acompa\u00f1amos el proceso de toma de decisiones. Propiciamos el identificar y controlar las propias emociones, favoreciendo la vinculaci\u00f3n entre el colegio y las familias.<\/p>\n<p style=\"text-align: justify;\">Nuestra labor es acompa\u00f1ar, escuchar y orientar<strong>,<\/strong> respetar procesos y situaciones de vida.<\/p>\n<p>[\/et_pb_blurb][\/et_pb_column][\/et_pb_row][et_pb_row _builder_version=\u00bb4.4.8&#8243; max_width=\u00bb1920px\u00bb][et_pb_column type=\u00bb4_4&#8243; _builder_version=\u00bb4.4.8&#8243;][et_pb_blurb title=\u00bbNUESTROS FUNDADORES\u00bb content_max_width=\u00bb1100px\u00bb _builder_version=\u00bb4.4.8&#8243; header_font=\u00bbAntonioBold||||||||\u00bb header_text_align=\u00bbcenter\u00bb header_font_size=\u00bb50px\u00bb body_font=\u00bbDIN||||||||\u00bb body_font_size=\u00bb15px\u00bb background_layout=\u00bbdark\u00bb hover_enabled=\u00bb0&#8243; body_link_text_color=\u00bb#e03128&#8243;]<\/p>\n<p style=\"text-align: justify;\">Nuestros fundadores fueron dos grandes personas dedicadas a la vida religiosa y a la educaci\u00f3n cat\u00f3lica: la Madre <a href=\"https:\/\/hijasespiritusanto.org.mx\/madre-ana-maria\/\"><strong>Ana Mar\u00eda G\u00f3mez Campos<\/strong> <\/a>y el <a href=\"https:\/\/hijasespiritusanto.org.mx\/padre-felix\/\"><strong>Padre F\u00e9lix de Jes\u00fas Rougier<\/strong><\/a>.<\/p>\n<p style=\"text-align: justify;\">Todo empez\u00f3, cuando el Padre F\u00e9lix de Jes\u00fas Rougier, invit\u00f3 a la Madre Ana Mar\u00eda G\u00f3mez a fundar la congregaci\u00f3n religiosa de las <a href=\"https:\/\/hijasespiritusanto.org.mx\/\"><strong>Hijas del Esp\u00edritu Santo<\/strong>,<\/a> con la Espiritualidad de la Cruz, con el fin espec\u00edfico de promover la vocaci\u00f3n sacerdotal entre los ni\u00f1os y extender el reinado del Esp\u00edritu Santo; ella acept\u00f3 secundar los proyectos del Padre F\u00e9lix.<\/p>\n<p style=\"text-align: justify;\">La nueva Congregaci\u00f3n naci\u00f3 en San Luis Potos\u00ed, el 12 de enero de 1924 y recibi\u00f3 el riego fecundo del Padre F\u00e9lix, hasta su muerte en 1938, a partir de entonces, la Obra qued\u00f3 \u00fanicamente en manos de la Madre Ana Mar\u00eda, quien la impuls\u00f3 fuertemente, fundando colegios para varones y ni\u00f1as en diversos lugares de la Rep\u00fablica Mexicana y difundiendo el esp\u00edritu sacerdotal de Cristo, el amor al Esp\u00edritu Santo y a Mar\u00eda, Madre de la Divina Gracia, en las personas que se acercaban a ella.<\/p>\n<p style=\"text-align: justify;\">Tenemos una tarea confiada por Dios a trav\u00e9s de F\u00e9lix de Jes\u00fas y Ana Mar\u00eda del Esp\u00edritu Santo, la cual es promover vocaciones, hacer de nuestras obras apost\u00f3licas semilleros de ellas, donde cada persona pueda encontrar su propia vocaci\u00f3n.<\/p>\n<p>[\/et_pb_blurb][\/et_pb_column][\/et_pb_row][\/et_pb_section][et_pb_section fb_built=\u00bb1&#8243; admin_label=\u00bbfilosofia\u00bb module_id=\u00bbfilosofia\u00bb _builder_version=\u00bb4.4.8&#8243;][et_pb_row _builder_version=\u00bb4.4.8&#8243;][et_pb_column type=\u00bb4_4&#8243; _builder_version=\u00bb4.4.8&#8243;][et_pb_text _builder_version=\u00bb4.4.8&#8243; text_font=\u00bbAntonioBold||||||||\u00bb text_text_color=\u00bb#05397f\u00bb text_font_size=\u00bb50px\u00bb header_font=\u00bbAntonioBold||||||||\u00bb header_text_color=\u00bb#05397f\u00bb header_font_size=\u00bb50px\u00bb text_orientation=\u00bbcenter\u00bb]<\/p>\n<h1>FILOSOF\u00cdA<\/h1>\n<p>[\/et_pb_text][\/et_pb_column][\/et_pb_row][et_pb_row column_structure=\u00bb1_3,1_3,1_3&#8243; _builder_version=\u00bb4.4.8&#8243; max_width=\u00bb1920px\u00bb max_width_last_edited=\u00bboff|phone\u00bb][et_pb_column type=\u00bb1_3&#8243; _builder_version=\u00bb4.4.8&#8243;][et_pb_blurb title=\u00bbMISI\u00d3N\u00bb _builder_version=\u00bb4.4.8&#8243; header_font=\u00bbAntonioBold||||||||\u00bb header_text_color=\u00bb#05397f\u00bb header_font_size=\u00bb40px\u00bb body_font=\u00bbDIN||||||||\u00bb body_text_align=\u00bbjustify\u00bb body_font_size=\u00bb15px\u00bb custom_margin=\u00bb|-34px||||\u00bb custom_padding=\u00bb|16px|||false|false\u00bb border_width_right=\u00bb5px\u00bb border_color_right=\u00bb#878787&#8243;]<\/p>\n<p>Somos una comunidad educativa cat\u00f3lica que, comprometida con nuestra vocaci\u00f3n magisterial, brindamos una formaci\u00f3n humana-cristiana a ni\u00f1os, adolescentes y j\u00f3venes, en un ambiente de acogida, libertad responsable, respeto y solidaridad, seg\u00fan el Carisma Vocacional-Sacerdotal y Mariano de los Fundadores.<\/p>\n<p>[\/et_pb_blurb][\/et_pb_column][et_pb_column type=\u00bb1_3&#8243; _builder_version=\u00bb4.4.8&#8243;][et_pb_blurb title=\u00bbVISI\u00d3N\u00bb _builder_version=\u00bb4.4.8&#8243; header_font=\u00bbAntonioBold||||||||\u00bb header_text_color=\u00bb#05397f\u00bb header_font_size=\u00bb40px\u00bb body_font=\u00bbDIN||||||||\u00bb body_text_align=\u00bbjustify\u00bb body_font_size=\u00bb15px\u00bb custom_margin=\u00bb|-34px||||\u00bb custom_padding=\u00bb|16px|||false|false\u00bb border_width_right=\u00bb5px\u00bb border_color_right=\u00bb#878787&#8243; locked=\u00bboff\u00bb]<\/p>\n<p>Ser comunidades educativas en pastoral que, en estrecha colaboraci\u00f3n con la familia, brinden un espacio de formaci\u00f3n integral, donde ni\u00f1os, adolescentes y j\u00f3venes desarrollen sus potencialidades y las competencias necesarias para optar por la vida, el compromiso con su propia realizaci\u00f3n trascendente, la fraternidad y el servicio.<\/p>\n<p>[\/et_pb_blurb][\/et_pb_column][et_pb_column type=\u00bb1_3&#8243; _builder_version=\u00bb4.4.8&#8243;][et_pb_blurb title=\u00bbPRINCIPIOS EDUCATIVOS\u00bb _builder_version=\u00bb4.4.8&#8243; header_font=\u00bbAntonioBold||||||||\u00bb header_text_color=\u00bb#05397f\u00bb header_font_size=\u00bb40px\u00bb body_font=\u00bbDIN||||||||\u00bb body_text_align=\u00bbjustify\u00bb body_font_size=\u00bb15px\u00bb custom_margin=\u00bb|-34px||||\u00bb custom_padding=\u00bb|16px|12px||false|false\u00bb border_width_right=\u00bb5px\u00bb border_color_right=\u00bb#878787&#8243; locked=\u00bboff\u00bb]<\/p>\n<ul>\n<li>Educaci\u00f3n cristiana.<\/li>\n<li>Educaci\u00f3n integral.<\/li>\n<li>Agentes educativos comprometidos.<\/li>\n<li>Integraci\u00f3n colegio \u2013 familia.<\/li>\n<\/ul>\n<p>[\/et_pb_blurb][\/et_pb_column][\/et_pb_row][\/et_pb_section][et_pb_section fb_built=\u00bb1&#8243; admin_label=\u00bbcomoe\u00bb module_id=\u00bbcomoe\u00bb _builder_version=\u00bb4.4.8&#8243; background_color=\u00bb#bf132e\u00bb][et_pb_row _builder_version=\u00bb4.4.8&#8243; custom_padding=\u00bb||14px|||\u00bb][et_pb_column type=\u00bb4_4&#8243; _builder_version=\u00bb4.4.8&#8243;][et_pb_text _builder_version=\u00bb4.4.8&#8243; header_font=\u00bbAntonioBold||||||||\u00bb header_text_align=\u00bbcenter\u00bb header_text_color=\u00bb#ffffff\u00bb header_font_size=\u00bb50px\u00bb]<\/p>\n<h1>\u00bfC\u00d3MO EDUCAMOS?<\/h1>\n<p>[\/et_pb_text][et_pb_blurb title=\u00bbMODELO PEDAG\u00d3GICO\u00bb content_max_width=\u00bb1100px\u00bb _builder_version=\u00bb4.4.8&#8243; header_font=\u00bbAntonioBold||||||||\u00bb header_font_size=\u00bb25px\u00bb body_font=\u00bbDIN||||||||\u00bb body_font_size=\u00bb15px\u00bb text_orientation=\u00bbjustified\u00bb background_layout=\u00bbdark\u00bb]<\/p>\n<p>Acompa\u00f1amos al alumno en el descubrimiento de su vocaci\u00f3n y en la integraci\u00f3n de su vida desde la \u00e9tica cristiana.<\/p>\n<p>Utilizamos un modelo constructivista que busca el desarrollo de personas competentes. Nos apoyamos en diferentes metodolog\u00edas que favorecen la creatividad y la resoluci\u00f3n de problemas, utiliz\u00e1ndolas de acuerdo a la madurez de los alumnos y al nivel educativo.<\/p>\n<p>[\/et_pb_blurb][\/et_pb_column][\/et_pb_row][\/et_pb_section][et_pb_section fb_built=\u00bb1&#8243; admin_label=\u00bbvalores\u00bb module_id=\u00bbvalores\u00bb _builder_version=\u00bb4.4.8&#8243; custom_padding=\u00bb||54px|||\u00bb][et_pb_row _builder_version=\u00bb4.4.8&#8243;][et_pb_column type=\u00bb4_4&#8243; _builder_version=\u00bb4.4.8&#8243;][et_pb_blurb title=\u00bbVALORES\u00bb _builder_version=\u00bb4.4.8&#8243; header_font=\u00bbAntonioBold||||||||\u00bb header_text_align=\u00bbcenter\u00bb header_text_color=\u00bb#05397f\u00bb header_font_size=\u00bb50px\u00bb body_font=\u00bbDIN||||||||\u00bb body_text_align=\u00bbcenter\u00bb body_font_size=\u00bb25px\u00bb]<\/p>\n<p>Religiosidad, solidaridad, justicia, responsabilidad, libertad y respeto.<\/p>\n<p>[\/et_pb_blurb][\/et_pb_column][\/et_pb_row][et_pb_row column_structure=\u00bb1_2,1_2&#8243; use_custom_gutter=\u00bbon\u00bb gutter_width=\u00bb2&#8243; _builder_version=\u00bb4.4.8&#8243; custom_padding=\u00bb0px|||||\u00bb][et_pb_column type=\u00bb1_2&#8243; _builder_version=\u00bb4.4.8&#8243;][et_pb_blurb title=\u00bbFORMACI\u00d3N CRISTIANA\u00bb _builder_version=\u00bb4.4.8&#8243; header_font=\u00bbAntonioBold||||||||\u00bb header_text_color=\u00bb#05397f\u00bb header_font_size=\u00bb25px\u00bb body_font=\u00bbDIN||||||||\u00bb body_font_size=\u00bb15px\u00bb text_orientation=\u00bbjustified\u00bb custom_margin=\u00bb||||false|false\u00bb custom_padding=\u00bb10px|10px|10px|10px|true|true\u00bb border_width_all=\u00bb2px\u00bb border_color_all=\u00bb#6d6d6d\u00bb]<\/p>\n<p>Como Escuela en Pastoral, realiza un proceso evangelizador que lleva a la comunidad educativa a vivir la Espiritualidad de la Cruz y a realizar la integraci\u00f3n entre fe, cultura y vida.<\/p>\n<p><span style=\"font-size: 15px;\">Impulsa una catequesis renovada que lleva a los estudiantes a conocer, vivir y dar testimonio de su fe, mediante una metodolog\u00eda experiencial, cristoc\u00e9ntrica y celebrativa.<\/span><\/p>\n<p>Promueve la pr\u00e1ctica del discernimiento desde una actitud de escucha y acogida de la Palabra, al estilo de Mar\u00eda.<\/p>\n<p>&nbsp;<\/p>\n<p>[\/et_pb_blurb][\/et_pb_column][et_pb_column type=\u00bb1_2&#8243; _builder_version=\u00bb4.4.8&#8243;][et_pb_blurb title=\u00bbDIMENSI\u00d3N SOCIAL\u00bb _builder_version=\u00bb4.4.8&#8243; header_font=\u00bbAntonioBold||||||||\u00bb header_text_color=\u00bb#05397f\u00bb header_font_size=\u00bb25px\u00bb body_font=\u00bbDIN||||||||\u00bb body_font_size=\u00bb15px\u00bb text_orientation=\u00bbjustified\u00bb custom_margin=\u00bb||||false|false\u00bb custom_padding=\u00bb10px|10px|63px|10px|false|true\u00bb custom_padding_last_edited=\u00bboff|phone\u00bb border_width_all=\u00bb2px\u00bb border_color_all=\u00bb#6d6d6d\u00bb locked=\u00bboff\u00bb]<\/p>\n<p>La educaci\u00f3n es una acci\u00f3n social intr\u00ednseca, ya que est\u00e1 dirigida hacia la transformaci\u00f3n de la persona y de la sociedad.<\/p>\n<p>La finalidad de la educaci\u00f3n que desarrollamos, mira a despertar en los ni\u00f1os, adolescentes y j\u00f3venes la vocaci\u00f3n como proyecto de vida, nos enfocamos desde nuestro carisma vocacional sacerdotal a educar, formar y acompa\u00f1ar a nuestros estudiantes, para que logren descubrir el proyecto de su vida, su vocaci\u00f3n, entendida \u00e9sta, como el sue\u00f1o de Dios para cada uno de ellos.<\/p>\n<p>[\/et_pb_blurb][\/et_pb_column][\/et_pb_row][\/et_pb_section][et_pb_section fb_built=\u00bb1&#8243; admin_label=\u00bbcontacto\u00bb module_id=\u00bbcontacto\u00bb _builder_version=\u00bb4.4.8&#8243; background_color=\u00bb#3f3f3f\u00bb background_image=\u00bbhttps:\/\/colegiosdelespiritusanto.org\/wp-content\/uploads\/2020\/07\/Banner.jpg\u00bb background_blend=\u00bbcolor-burn\u00bb][et_pb_row _builder_version=\u00bb4.4.8&#8243;][et_pb_column type=\u00bb4_4&#8243; _builder_version=\u00bb4.4.8&#8243;][et_pb_text _builder_version=\u00bb4.4.8&#8243; header_font=\u00bbAntonioBold||||||||\u00bb header_text_align=\u00bbcenter\u00bb header_text_color=\u00bb#ffffff\u00bb header_font_size=\u00bb50px\u00bb]<\/p>\n<h1>RED DE COLEGIOS<\/h1>\n<p>[\/et_pb_text][\/et_pb_column][\/et_pb_row][et_pb_row column_structure=\u00bb1_4,1_4,1_4,1_4&#8243; _builder_version=\u00bb4.4.8&#8243;][et_pb_column type=\u00bb1_4&#8243; _builder_version=\u00bb4.4.8&#8243;][et_pb_text _builder_version=\u00bb4.4.8&#8243; text_font=\u00bbDIN||||||||\u00bb text_font_size=\u00bb18px\u00bb text_line_height=\u00bb1em\u00bb text_orientation=\u00bbcenter\u00bb background_layout=\u00bbdark\u00bb]<\/p>\n<p><span style=\"color: #ff0000;\"><strong>COLEGIO M\u00c9XICO<\/strong><\/span><\/p>\n<p>Ensenada, B.C<\/p>\n<p>Maternal, preescolar, primaria y secundaria<\/p>\n<p><span style=\"color: #ffff00;\"><a href=\"https:\/\/www.colegiomexicoensenadaac.com\" style=\"color: #ffff00;\">https:\/\/www.colegiomexicoensenadaac.com<\/a><\/span><\/p>\n<p>[\/et_pb_text][\/et_pb_column][et_pb_column type=\u00bb1_4&#8243; _builder_version=\u00bb4.4.8&#8243;][et_pb_text _builder_version=\u00bb4.4.8&#8243; text_font=\u00bbDIN||||||||\u00bb text_font_size=\u00bb18px\u00bb text_line_height=\u00bb1em\u00bb text_orientation=\u00bbcenter\u00bb background_layout=\u00bbdark\u00bb locked=\u00bboff\u00bb]<\/p>\n<p><span style=\"color: #ff0000;\"><strong>COLEGIO LA PAZ<\/strong><\/span><\/p>\n<p>Tijuana, B.C<\/p>\n<p>Maternal, Preescolar, Primaria, Secundaria y Bachillerato<\/p>\n<p><span style=\"font-size: 18px;\"><\/span><a href=\"https:\/\/www.colegiolapaztijuana.edu.mx\/\" style=\"font-size: 18px;\"><span style=\"color: #ffff00;\">https:\/\/www.colegiolapaztijuana.edu.mx\/ <\/span><\/a><\/p>\n<p><span style=\"font-size: 18px;\"><\/span><\/p>\n<p>[\/et_pb_text][\/et_pb_column][et_pb_column type=\u00bb1_4&#8243; _builder_version=\u00bb4.4.8&#8243;][et_pb_text _builder_version=\u00bb4.4.8&#8243; text_font=\u00bbDIN||||||||\u00bb text_font_size=\u00bb18px\u00bb text_line_height=\u00bb1em\u00bb text_orientation=\u00bbcenter\u00bb background_layout=\u00bbdark\u00bb custom_margin=\u00bb|-19px||||\u00bb custom_padding=\u00bb|0px||||\u00bb hover_enabled=\u00bb0&#8243; locked=\u00bboff\u00bb]<\/p>\n<p><span style=\"color: #ff0000;\"><strong>COLEGIO MOTOLIN\u00cdA<\/strong><\/span><\/p>\n<p>Morelia, Mich.<\/p>\n<p>Maternal, Preescolar, Primaria, Secundaria y Licenciaturas en Educaci\u00f3n Preescolar y Primaria<\/p>\n<p><span style=\"color: #ffff00;\"><a href=\"http:\/\/www.colegiosmotolinia.edu.mx\" style=\"color: #ffff00;\">www.colegiosmotolinia.edu.mx<\/a><\/span><\/p>\n<p>[\/et_pb_text][\/et_pb_column][et_pb_column type=\u00bb1_4&#8243; _builder_version=\u00bb4.4.8&#8243;][et_pb_text _builder_version=\u00bb4.4.8&#8243; text_font=\u00bbDIN||||||||\u00bb text_font_size=\u00bb18px\u00bb text_line_height=\u00bb1em\u00bb text_orientation=\u00bbcenter\u00bb background_layout=\u00bbdark\u00bb locked=\u00bboff\u00bb]<\/p>\n<p><span style=\"color: #ff0000;\"><strong>COLEGIO ANA MAR\u00cdA G\u00d3MEZ<\/strong><\/span><\/p>\n<p>Jacona, MIch.<\/p>\n<p>Preescolar y Primaria<\/p>\n<p>[\/et_pb_text][\/et_pb_column][\/et_pb_row][et_pb_row column_structure=\u00bb1_4,1_4,1_4,1_4&#8243; _builder_version=\u00bb4.4.8&#8243;][et_pb_column type=\u00bb1_4&#8243; _builder_version=\u00bb4.4.8&#8243;][et_pb_text _builder_version=\u00bb4.4.8&#8243; text_font=\u00bbDIN||||||||\u00bb text_font_size=\u00bb18px\u00bb text_line_height=\u00bb1em\u00bb text_orientation=\u00bbcenter\u00bb background_layout=\u00bbdark\u00bb]<\/p>\n<p><span style=\"color: #ff0000;\"><strong>COLEGIO MOTOLIN\u00cdA<\/strong><\/span><\/p>\n<p>San Luis Potos\u00ed, S.L.P <span style=\"font-size: 18px;\"><\/span><\/p>\n<p><span style=\"font-size: 18px;\">Preescolar, Primaria, Secundaria y Bachillerato <\/span><\/p>\n<p><span style=\"color: #ffff00;\"><a href=\"http:\/\/www.motoliniaslp.edu.mx\/\" style=\"color: #ffff00;\">https:\/\/motoliniaslp.edu.mx\/ <\/a><\/span><\/p>\n<p>[\/et_pb_text][\/et_pb_column][et_pb_column type=\u00bb1_4&#8243; _builder_version=\u00bb4.4.8&#8243;][et_pb_text _builder_version=\u00bb4.4.8&#8243; text_font=\u00bbDIN||||||||\u00bb text_font_size=\u00bb18px\u00bb text_line_height=\u00bb1em\u00bb text_orientation=\u00bbcenter\u00bb background_layout=\u00bbdark\u00bb locked=\u00bboff\u00bb]<\/p>\n<p><span style=\"color: #ff0000;\"><strong>COLEGIO VALLARTA<\/strong><\/span><\/p>\n<p>Naucalpan, Edo.<\/p>\n<p>M\u00e9x.Preescolar, Primaria y Secundaria<\/p>\n<p><span style=\"color: #ffff00;\"><a href=\"http:\/\/www.colegiovallartaac.edu.mx\/\" style=\"color: #ffff00;\">http:\/\/www.colegiovallartaac.edu.mx\/<\/a><\/span><\/p>\n<p>[\/et_pb_text][\/et_pb_column][et_pb_column type=\u00bb1_4&#8243; _builder_version=\u00bb4.4.8&#8243;][et_pb_text _builder_version=\u00bb4.4.8&#8243; text_font=\u00bbDIN||||||||\u00bb text_font_size=\u00bb18px\u00bb text_line_height=\u00bb1em\u00bb text_orientation=\u00bbcenter\u00bb background_layout=\u00bbdark\u00bb custom_margin=\u00bb|-19px||||\u00bb custom_padding=\u00bb|0px||||\u00bb locked=\u00bboff\u00bb]<\/p>\n<p><span style=\"color: #ff0000;\"><strong>INSTITUTO ROUGIER<\/strong><\/span><\/p>\n<p>Veracruz, Ver.<\/p>\n<p>Preescolar, Primaria, Secundaria y Bachillerato<\/p>\n<p><span style=\"color: #ffff00;\"><a href=\"http:\/\/www.rougier.edu.mx\/\" style=\"color: #ffff00;\">http:\/\/www.rougier.edu.mx\/<\/a><\/span><\/p>\n<p>[\/et_pb_text][\/et_pb_column][et_pb_column type=\u00bb1_4&#8243; _builder_version=\u00bb4.4.8&#8243;][et_pb_text _builder_version=\u00bb4.4.8&#8243; text_font=\u00bbDIN||||||||\u00bb text_font_size=\u00bb18px\u00bb text_line_height=\u00bb1em\u00bb link_text_color=\u00bb#edf000&#8243; text_orientation=\u00bbcenter\u00bb background_layout=\u00bbdark\u00bb locked=\u00bboff\u00bb]<\/p>\n<p><span style=\"color: #ff0000;\"><strong>COLEGIO MOTOLINIA<\/strong><\/span><\/p>\n<p>M\u00e9rida, Yuc.<\/p>\n<p>Preescolar, Primaria y Secundaria<\/p>\n<p><a href=\"http:\/\/www.rougier.edu.mx\/\"><span>http:\/\/www.rougier.edu.mx\/<\/span><\/a><\/p>\n<p>&nbsp;<\/p>\n<p>&nbsp;<\/p>\n<p>[\/et_pb_text][\/et_pb_column][\/et_pb_row][et_pb_row column_structure=\u00bb1_3,1_3,1_3&#8243; _builder_version=\u00bb4.4.8&#8243; custom_padding=\u00bb0px|||||\u00bb][et_pb_column type=\u00bb1_3&#8243; _builder_version=\u00bb4.4.8&#8243;][et_pb_text _builder_version=\u00bb4.4.8&#8243; text_font=\u00bbDIN||||||||\u00bb text_font_size=\u00bb18px\u00bb text_line_height=\u00bb1em\u00bb text_orientation=\u00bbcenter\u00bb background_layout=\u00bbdark\u00bb locked=\u00bboff\u00bb]<\/p>\n<p><span style=\"color: #ff0000;\"><strong>COLEGIO ANA MAR\u00cdA G\u00d3MEZ CAMPOS <\/strong><\/span><\/p>\n<p><span style=\"font-size: 18px;\">CDMX <\/span><\/p>\n<p><span style=\"font-size: 18px;\">Preescolar y Primaria<\/span><\/p>\n<p>[\/et_pb_text][\/et_pb_column][et_pb_column type=\u00bb1_3&#8243; _builder_version=\u00bb4.4.8&#8243;][et_pb_text _builder_version=\u00bb4.4.8&#8243; text_font=\u00bbDIN||||||||\u00bb text_font_size=\u00bb18px\u00bb text_line_height=\u00bb1em\u00bb text_orientation=\u00bbcenter\u00bb background_layout=\u00bbdark\u00bb locked=\u00bboff\u00bb]<\/p>\n<p><span style=\"color: #ff0000;\"><strong>COLEGIO ANA MAR\u00cdA G\u00d3MEZ CAMPOS<\/strong><\/span><\/p>\n<p>San Luis Potos\u00ed, S.L.P.<\/p>\n<p>Preescolar y Primaria<\/p>\n<p>[\/et_pb_text][\/et_pb_column][et_pb_column type=\u00bb1_3&#8243; _builder_version=\u00bb4.4.8&#8243;][et_pb_text _builder_version=\u00bb4.4.8&#8243; text_font=\u00bbDIN||||||||\u00bb text_font_size=\u00bb18px\u00bb text_line_height=\u00bb1em\u00bb text_orientation=\u00bbcenter\u00bb background_layout=\u00bbdark\u00bb locked=\u00bboff\u00bb]<\/p>\n<p><span style=\"color: #ff0000;\"><strong>CENTRO COMUNITARIO ANA MAR\u00cdA G\u00d3MEZ CAMPOS <\/strong><\/span><\/p>\n<p>Tijuana, B.C.<\/p>\n<p>Preescolar, Primaria, INEA: Secundaria Y Preparatoria<\/p>\n<p>[\/et_pb_text][\/et_pb_column][\/et_pb_row][\/et_pb_section]<\/p>\n","protected":false},"excerpt":{"rendered":"<p>[et_pb_section fb_built=\u00bb1&#8243; fullwidth=\u00bbon\u00bb _builder_version=\u00bb4.4.8&#8243;][et_pb_fullwidth_image src=\u00bbhttps:\/\/colegiosdelespiritusanto.org\/wp-content\/uploads\/2020\/07\/Banner1.jpg\u00bb title_text=\u00bbBanner1&#8243; _builder_version=\u00bb4.4.8&#8243;][\/et_pb_fullwidth_image][\/et_pb_section][et_pb_section fb_built=\u00bb1&#8243; admin_label=\u00bbnosotros\u00bb module_id=\u00bbnosotros\u00bb _builder_version=\u00bb4.4.8&#8243; background_color=\u00bb#05397f\u00bb][et_pb_row _builder_version=\u00bb4.4.8&#8243; max_width=\u00bb1920px\u00bb][et_pb_column type=\u00bb4_4&#8243; _builder_version=\u00bb4.4.8&#8243;][et_pb_blurb title=\u00bbNOSOTROS\u00bb content_max_width=\u00bb1100px\u00bb content_max_width_last_edited=\u00bboff|phone\u00bb _builder_version=\u00bb4.4.8&#8243; header_font=\u00bbAntonioBold||||||||\u00bb header_text_align=\u00bbcenter\u00bb header_font_size=\u00bb50px\u00bb body_font=\u00bbDIN||||||||\u00bb body_font_size=\u00bb15px\u00bb background_layout=\u00bbdark\u00bb header_font_size_last_edited=\u00bboff|phone\u00bb] Somos una comunidad educativa cat\u00f3lica, integrada por religiosas, profesores, personal y padres de familia, quienes trabajamos juntos en la misi\u00f3n de educar integralmente a los alumnos, en un [&hellip;]<\/p>\n","protected":false},"author":1,"featured_media":0,"parent":0,"menu_order":0,"comment_status":"closed","ping_status":"open","template":"","meta":{"_et_pb_use_builder":"on","_et_pb_old_content":"<!-- wp:paragraph -->\n<p>Esta es una p\u00e1gina de ejemplo. Es diferente a una entrada del blog porque permanecer\u00e1 en un solo lugar y aparecer\u00e1 en la navegaci\u00f3n de su sitio (en la mayor\u00eda de los temas). La mayor\u00eda de las personas comienzan con una p\u00e1gina \u00abAcerca de\u00bb que les presenta a los visitantes potenciales del sitio. Podr\u00eda decir algo as\u00ed:<\/p>\n<!-- \/wp:paragraph -->\n\n<!-- wp:quote -->\n<blockquote class=\"wp-block-quote\"><p>\u00a1Bienvenido! Soy camarero de d\u00eda, aspirante a actor de noche y esta es mi web. Vivo en Morelia, tengo un perro que se llama Firulais y me gusta el mezcal. (Y las tardes largas con caf\u00e9)<\/p><\/blockquote>\n<!-- \/wp:quote -->\n\n<!-- wp:paragraph -->\n<p>\u2026o algo as\u00ed:<\/p>\n<!-- \/wp:paragraph -->\n\n<!-- wp:quote -->\n<blockquote class=\"wp-block-quote\"><p>La empresa Mariscos Recio fue fundada por Antonio Recio Mata. Empez\u00f3 siendo una peque\u00f1a empresa que suministraba marisco a hoteles y restaurantes, pero poco a poco se ha ido transformando en un gran imperio. Mariscos Recio, el mar al mejor precio.<\/p><\/blockquote>\n<!-- \/wp:quote -->\n\n<!-- wp:paragraph -->\n<p>Como nuevo usuario de WordPress, deber\u00edas ir a <a href=\"https:\/\/colegiosdelespiritusanto.org\/wp-admin\/\">tu escritorio<\/a> para borrar esta p\u00e1gina y crear nuevas p\u00e1ginas para tu contenido. \u00a1P\u00e1salo bien!<\/p>\n<!-- \/wp:paragraph -->","_et_gb_content_width":""},"_links":{"self":[{"href":"https:\/\/colegiosdelespiritusanto.org\/index.php?rest_route=\/wp\/v2\/pages\/2"}],"collection":[{"href":"https:\/\/colegiosdelespiritusanto.org\/index.php?rest_route=\/wp\/v2\/pages"}],"about":[{"href":"https:\/\/colegiosdelespiritusanto.org\/index.php?rest_route=\/wp\/v2\/types\/page"}],"author":[{"embeddable":true,"href":"https:\/\/colegiosdelespiritusanto.org\/index.php?rest_route=\/wp\/v2\/users\/1"}],"replies":[{"embeddable":true,"href":"https:\/\/colegiosdelespiritusanto.org\/index.php?rest_route=%2Fwp%2Fv2%2Fcomments&post=2"}],"version-history":[{"count":20,"href":"https:\/\/colegiosdelespiritusanto.org\/index.php?rest_route=\/wp\/v2\/pages\/2\/revisions"}],"predecessor-version":[{"id":90,"href":"https:\/\/colegiosdelespiritusanto.org\/index.php?rest_route=\/wp\/v2\/pages\/2\/revisions\/90"}],"wp:attachment":[{"href":"https:\/\/colegiosdelespiritusanto.org\/index.php?rest_route=%2Fwp%2Fv2%2Fmedia&parent=2"}],"curies":[{"name":"wp","href":"https:\/\/api.w.org\/{rel}","templated":true}]}}